{"id":35290,"date":"2025-07-23T21:07:33","date_gmt":"2025-07-23T21:07:33","guid":{"rendered":"https:\/\/guentersahler.de\/?page_id=35290"},"modified":"2026-04-12T09:14:50","modified_gmt":"2026-04-12T09:14:50","slug":"ueber-mich","status":"publish","type":"page","link":"https:\/\/guentersahler.de\/","title":{"rendered":"\u00dcber"},"content":{"rendered":"\n<figure class=\"wp-block-image size-full\"><a href=\"https:\/\/guentersahler.de\/?p=35964\"><img loading=\"lazy\" decoding=\"async\" width=\"500\" height=\"163\" src=\"https:\/\/guentersahler.de\/wp-content\/uploads\/2026\/03\/LS-Logo-A-1.jpg\" alt=\"\" class=\"wp-image-37948\" srcset=\"https:\/\/guentersahler.de\/wp-content\/uploads\/2026\/03\/LS-Logo-A-1.jpg 500w, https:\/\/guentersahler.de\/wp-content\/uploads\/2026\/03\/LS-Logo-A-1-300x98.jpg 300w\" sizes=\"(max-width: 500px) 100vw, 500px\" \/><\/a><figcaption class=\"wp-element-caption\"><a href=\"https:\/\/guentersahler.de\/?p=35964\">&#8222;Lindlar skizziert&#8220;<\/a> ist eine Sketching und Journaling-Gruppe. <\/figcaption><\/figure>\n\n\n\n<figure class=\"wp-block-image size-full\"><a href=\"https:\/\/guentersahler.de\/?p=26636\"><img loading=\"lazy\" decoding=\"async\" width=\"500\" height=\"163\" src=\"https:\/\/guentersahler.de\/wp-content\/uploads\/2026\/03\/ImS001.jpg\" alt=\"\" class=\"wp-image-37963\" srcset=\"https:\/\/guentersahler.de\/wp-content\/uploads\/2026\/03\/ImS001.jpg 500w, https:\/\/guentersahler.de\/wp-content\/uploads\/2026\/03\/ImS001-300x98.jpg 300w\" sizes=\"(max-width: 500px) 100vw, 500px\" \/><\/a><figcaption class=\"wp-element-caption\"><a href=\"https:\/\/guentersahler.de\/?p=26636\">Die Sketching Interviews<\/a>&nbsp;ist eine Interviewserie zeichnenden, skizzierenden Menschen.<\/figcaption><\/figure>\n\n\n\n<figure class=\"wp-block-image size-full\"><a href=\"https:\/\/guentersahler.de\/?page_id=38284\"><img loading=\"lazy\" decoding=\"async\" width=\"500\" height=\"163\" src=\"https:\/\/guentersahler.de\/wp-content\/uploads\/2026\/04\/mysketchs-003.jpg\" alt=\"\" class=\"wp-image-38295\" srcset=\"https:\/\/guentersahler.de\/wp-content\/uploads\/2026\/04\/mysketchs-003.jpg 500w, https:\/\/guentersahler.de\/wp-content\/uploads\/2026\/04\/mysketchs-003-300x98.jpg 300w\" sizes=\"(max-width: 500px) 100vw, 500px\" \/><\/a><figcaption class=\"wp-element-caption\"><a href=\"https:\/\/guentersahler.de\/?page_id=38284\">.Meine Skizzenb\u00fccher<\/a><\/figcaption><\/figure>\n\n\n\n<figure class=\"wp-block-image size-full\"><a href=\"https:\/\/guentersahler.de\/?page_id=29468\"><img loading=\"lazy\" decoding=\"async\" width=\"500\" height=\"163\" src=\"https:\/\/guentersahler.de\/wp-content\/uploads\/2026\/03\/erkunden-Logo.jpg\" alt=\"\" class=\"wp-image-37942\" srcset=\"https:\/\/guentersahler.de\/wp-content\/uploads\/2026\/03\/erkunden-Logo.jpg 500w, https:\/\/guentersahler.de\/wp-content\/uploads\/2026\/03\/erkunden-Logo-300x98.jpg 300w\" sizes=\"(max-width: 500px) 100vw, 500px\" \/><\/a><figcaption class=\"wp-element-caption\"><a href=\"https:\/\/guentersahler.de\/?page_id=29468\">.Neues erkunden<\/a><\/figcaption><\/figure>\n\n\n\n<figure class=\"wp-block-image size-large\"><img decoding=\"async\" src=\"https:\/\/guentersahler.de\/wp-content\/uploads\/2018\/06\/gs675tre.jpg\" alt=\"\"\/><figcaption class=\"wp-element-caption\">Dipl.-Ing. G\u00fcnter Sahler M.A.<\/figcaption><\/figure>\n\n\n\n<p>Ich absolvierte ein Studium der INGENIEURWISSENSCHAFTEN an der Bergischen Universit\u00e4t Wuppertal sowie postgradual den Masterstudiengang ERWACHSENENBILDUNG an der Technischen Universit\u00e4t Kaiserslautern.<\/p>\n\n\n\n<p>Ich lebe bei den&nbsp;<a href=\"https:\/\/guentersahler.de\/?p=13240\">S\u00fcnger Bergen<\/a>&nbsp;und in der N\u00e4he eines der \u201e<a href=\"https:\/\/guentersahler.de\/?p=16730\">\u00e4ltesten W\u00e4lder der Welt<\/a>\u201c in Lindlar. 2008 war ich in Lindlar Mitinitiator von&nbsp;<a href=\"https:\/\/guentersahler.de\/?p=14638\">Naturzeit<\/a>. Ab 2026 ist &#8222;Lindlar skizziert&#8220; ein Herzensprojekt von mir.<\/p>\n\n\n\n<figure class=\"wp-block-image size-full\"><img loading=\"lazy\" decoding=\"async\" width=\"700\" height=\"468\" src=\"https:\/\/guentersahler.de\/wp-content\/uploads\/2022\/07\/hutewood019-1.jpg\" alt=\"\" class=\"wp-image-22155\" srcset=\"https:\/\/guentersahler.de\/wp-content\/uploads\/2022\/07\/hutewood019-1.jpg 700w, https:\/\/guentersahler.de\/wp-content\/uploads\/2022\/07\/hutewood019-1-300x201.jpg 300w, https:\/\/guentersahler.de\/wp-content\/uploads\/2022\/07\/hutewood019-1-624x417.jpg 624w\" sizes=\"(max-width: 700px) 100vw, 700px\" \/><\/figure>\n\n\n\n<figure class=\"wp-block-image size-full\"><img loading=\"lazy\" decoding=\"async\" width=\"700\" height=\"669\" src=\"https:\/\/guentersahler.de\/wp-content\/uploads\/2022\/08\/hutegrafik004.jpg\" alt=\"\" class=\"wp-image-22380\" srcset=\"https:\/\/guentersahler.de\/wp-content\/uploads\/2022\/08\/hutegrafik004.jpg 700w, https:\/\/guentersahler.de\/wp-content\/uploads\/2022\/08\/hutegrafik004-300x287.jpg 300w, https:\/\/guentersahler.de\/wp-content\/uploads\/2022\/08\/hutegrafik004-624x596.jpg 624w\" sizes=\"(max-width: 700px) 100vw, 700px\" \/><\/figure>\n\n\n\n<figure class=\"wp-block-image size-full\"><img loading=\"lazy\" decoding=\"async\" width=\"700\" height=\"491\" src=\"https:\/\/guentersahler.de\/wp-content\/uploads\/2022\/08\/hutewaldinfo-700px.jpg\" alt=\"\" class=\"wp-image-22352\" srcset=\"https:\/\/guentersahler.de\/wp-content\/uploads\/2022\/08\/hutewaldinfo-700px.jpg 700w, https:\/\/guentersahler.de\/wp-content\/uploads\/2022\/08\/hutewaldinfo-700px-300x210.jpg 300w, https:\/\/guentersahler.de\/wp-content\/uploads\/2022\/08\/hutewaldinfo-700px-624x438.jpg 624w\" sizes=\"(max-width: 700px) 100vw, 700px\" \/><\/figure>\n\n\n\n<p><strong>Weiterbildungen<\/strong> <\/p>\n\n\n\n<p>in den Bereichen Natur, Nachhaltigkeit, Nature Journaling, Botanisches Zeichnen, Landschaftsmalerei, Infografik. <a href=\"https:\/\/guentersahler.de\/?p=16332\" data-type=\"post\" data-id=\"16332\">Eine \u00dcbersicht \u00fcber meine Weiterbildungen.<\/a><\/p>\n\n\n\n<p><strong>Texte und Ver\u00f6ffentlichungen<\/strong><\/p>\n\n\n\n<p>Artikel \u201e<a rel=\"noreferrer noopener\" href=\"https:\/\/de.wikipedia.org\/wiki\/Nature_Journaling\" target=\"_blank\">Nature Journaling<\/a>\u201c in der deutschsprachigen Wikipedia (2023)<\/p>\n\n\n\n<p>\u201e<a href=\"https:\/\/guentersahler.de\/?page_id=13206\">Amateurcomics 1975 \u2013 1985<\/a>\u201c (2016, 2. Aufl. 2020)<\/p>\n\n\n\n<p>Zwischen 2001 und 2017 habe ich die <a href=\"https:\/\/guentersahler.de\/?p=20882\">Musikbuchreihe BLECHLUFT<\/a> herausgegeben (10 Ausgaben, 2001 \u2013 2017).<\/p>\n\n\n\n<p>\u201eDie Akte Eibach \u2013 eine Recherche zu den Besitzern des Eybacher Stulls\u201c (2011)<\/p>\n\n\n\n<p>\u201eBriefe aus Panama ins Bergische Land \u2013 Lindlarer Familie korrespondierte mit Verwandtschaft in \u00dcbersee; Karl Wirz baute mit am Panamakanal vor 100 Jahren\u201c. In: Rheinisch-bergischer Kalender; 83, S. 84-90 (2013)<\/p>\n\n\n\n<p>\u201eWar der \u201eSommerk\u00f6nig von Korsika\u201c Besitzer der Burg Eibach?\u201c In: Rheinisch-bergischer Kalender; 82. 2012 (2011), S. 163-169<\/p>\n\n\n\n<p>\u201eEin Lindlarer Forscher in Bolivien \u2013 Joseph Steinbach sammelte Insekten und Pflanzen f\u00fcr Museen und Universit\u00e4ten\u201c. In: Rheinisch-bergischer Kalender; 81. 2011 (2010), S. 224-228<\/p>\n\n\n\n<p>\u201eGeschichtsunterricht erz\u00e4hlt aus der Perspektive des kleinen Mannes \u2013 Peter Berger erhielt 1967 den Deutschen Jugendbuchpreis \u2013 erz\u00e4hlt lebendig deutsche Geschichte\u201c. In: Rheinisch-bergischer Kalender; 80 (2010), S. 187-191<\/p>\n\n\n\n<p>\u201eEin Autor im Spiegel seiner B\u00fccher \u2013 Bergbaugeschichten im Bergischen Land und in der Eifel \u2013 in Lindlar-Hartegasse schrieb Bernd Becker vor 60 Jahren einen Roman\u201c. In: Rheinisch-bergischer Kalender; 79 (2009), S. 169-172<\/p>\n\n\n\n<p>\u201eDas Katholische M\u00e4nnerwerk von 1949\u201c In: Broich, Kunibert: \u201eSt. Severin Lindlar\u201c. Schriftenreihe Bergischen Geschichtsvereins, 68. (2012)<\/p>\n\n\n\n<p>Neue deutsche Erinnerungswelle. In: parapluie \u2013 elektronische Zeitschrift f\u00fcr Kulturen, K\u00fcnste, Literaturen, Nr. 18, (2004)<\/p>\n\n\n\n<p><a href=\"https:\/\/guentersahler.de\/?p=12169\">Reviews zu einigen Ver\u00f6ffentlichungen<\/a><\/p>\n\n\n\n<p><br><strong>Audio Works<\/strong><\/p>\n\n\n\n<p>H\u00f6rspiel \u201e<a href=\"https:\/\/guentersahler.de\/?p=22518\">Die brennende Kugel<\/a>\u201c (2018) Sprecherinnen: Bea Dietz, Torstn Kauke, G\u00fcnter Sahler und Ralf-Dieter Dlubatz. Musik: Hans Castrup. Weitere Sounds und Text: G\u00fcnter Sahler.<\/p>\n\n\n\n<figure class=\"wp-block-image\"><img loading=\"lazy\" decoding=\"async\" width=\"400\" height=\"225\" src=\"https:\/\/guentersahler.de\/wp-content\/uploads\/2022\/08\/hoersp006.jpg\" alt=\"\" class=\"wp-image-22569\" srcset=\"https:\/\/guentersahler.de\/wp-content\/uploads\/2022\/08\/hoersp006.jpg 400w, https:\/\/guentersahler.de\/wp-content\/uploads\/2022\/08\/hoersp006-300x169.jpg 300w\" sizes=\"(max-width: 400px) 100vw, 400px\" \/><\/figure>\n\n\n\n<p><a href=\"https:\/\/www.discogs.com\/de\/artist\/1227314-Gaukeli\">gauKeli<\/a>&nbsp;1982 bis 1984 (re-release 2001) hier h\u00f6ren&nbsp;<a href=\"https:\/\/youtu.be\/nvEH0js6VF0?si=i_HGJTxM82wMCi3S\">https:\/\/youtu.be\/nvEH0js6VF0?si=i_HGJTxM82wMCi3S<\/a>&nbsp;und hier&nbsp;<a href=\"https:\/\/tapeattack.blogspot.com\/2021\/05\/gaukeli-gaukeli-1982-84.html?m=1\">https:\/\/tapeattack.blogspot.com\/2021\/05\/gaukeli-gaukeli-1982-84.html?m=1<\/a><\/p>\n\n\n\n<p>Audioreisef\u00fchrer mit Zeichnungen. Prototyp f\u00fcr Testlauf in Meerbusch-Osterath, 1999.&nbsp;<a href=\"https:\/\/guentersahler.de\/?p=22749\">Hier<\/a>&nbsp;ein paar der Bilder.<\/p>\n\n\n\n<p><strong>Compilations<\/strong><\/p>\n\n\n\n<p>Blechluft 1 (u.a. Interview mit Frieder Butzmann), Cassette, 2001,&nbsp;<a href=\"https:\/\/www.discogs.com\/de\/release\/4565954-Various-Blechluft-1\">https:\/\/www.discogs.com\/de\/release\/4565954-Various-Blechluft-1<\/a><\/p>\n\n\n\n<p>Blechluft 2, 2 x Mini- CDR, 2002 (u.a. mit S.Y.P.H., Bits, Ullip &amp; gauKeli),&nbsp;<a href=\"https:\/\/www.discogs.com\/de\/release\/4565005-Various-Blecheimer-Und-Luftpumpe-23-Eine-Materialsammlung\">https:\/\/www.discogs.com\/de\/release\/4565005-Various-Blecheimer-Und-Luftpumpe-23-Eine-Materialsammlung<\/a><\/p>\n\n\n\n<p>Klingende Blechluft In Siedlungsgebieten, CDR, 2003, ( u.a. mit Terminus B, Schmitz &amp; Niebuhr, Blockfl\u00f6tenterroristen, Felix Kubin),&nbsp;<a href=\"https:\/\/www.discogs.com\/de\/release\/1467829-Various-Klingende-Blechluft-In-Siedlungsgebieten\">https:\/\/www.discogs.com\/de\/release\/1467829-Various-Klingende-Blechluft-In-Siedlungsgebieten<\/a><\/p>\n\n\n\n<p>Blechluft 3, CDR, 2004 (u.a. Die Rote Gerda, Kajak, Krank, Van Zoyd, Rockformation Diskokugel),&nbsp;<a href=\"https:\/\/www.discogs.com\/de\/release\/4566053-Various-Blechluft-3\">https:\/\/www.discogs.com\/de\/release\/4566053-Various-Blechluft-3<\/a><\/p>\n","protected":false},"excerpt":{"rendered":"<p>Ich absolvierte ein Studium der INGENIEURWISSENSCHAFTEN an der Bergischen Universit\u00e4t Wuppertal sowie postgradual den Masterstudiengang ERWACHSENENBILDUNG an der Technischen Universit\u00e4t Kaiserslautern. Ich lebe bei den&nbsp;S\u00fcnger Bergen&nbsp;und in der N\u00e4he eines der \u201e\u00e4ltesten W\u00e4lder der Welt\u201c in Lindlar. 2008 war ich &hellip; <a href=\"https:\/\/guentersahler.de\/\">Weiter<\/a><\/p>\n","protected":false},"author":1,"featured_media":0,"parent":0,"menu_order":0,"comment_status":"closed","ping_status":"closed","template":"","meta":{"footnotes":""},"class_list":["post-35290","page","type-page","status-publish","hentry"],"_links":{"self":[{"href":"https:\/\/guentersahler.de\/index.php?rest_route=\/wp\/v2\/pages\/35290"}],"collection":[{"href":"https:\/\/guentersahler.de\/index.php?rest_route=\/wp\/v2\/pages"}],"about":[{"href":"https:\/\/guentersahler.de\/index.php?rest_route=\/wp\/v2\/types\/page"}],"author":[{"embeddable":true,"href":"https:\/\/guentersahler.de\/index.php?rest_route=\/wp\/v2\/users\/1"}],"replies":[{"embeddable":true,"href":"https:\/\/guentersahler.de\/index.php?rest_route=%2Fwp%2Fv2%2Fcomments&post=35290"}],"version-history":[{"count":76,"href":"https:\/\/guentersahler.de\/index.php?rest_route=\/wp\/v2\/pages\/35290\/revisions"}],"predecessor-version":[{"id":38297,"href":"https:\/\/guentersahler.de\/index.php?rest_route=\/wp\/v2\/pages\/35290\/revisions\/38297"}],"wp:attachment":[{"href":"https:\/\/guentersahler.de\/index.php?rest_route=%2Fwp%2Fv2%2Fmedia&parent=35290"}],"curies":[{"name":"wp","href":"https:\/\/api.w.org\/{rel}","templated":true}]}}